{"id":4846,"date":"2022-06-14T15:58:36","date_gmt":"2022-06-14T14:58:36","guid":{"rendered":"http:\/\/lycee-nisard.fr\/?page_id=4846"},"modified":"2026-03-17T16:29:54","modified_gmt":"2026-03-17T15:29:54","slug":"bac-pro","status":"publish","type":"page","link":"https:\/\/lycee-nisard.fr\/?page_id=4846","title":{"rendered":"Bac Pro"},"content":{"rendered":"\n<p><\/p>\n\n\n\n<p>Le <strong>Lyc\u00e9e polyvalent D\u00e9sir\u00e9 Nisard<\/strong> \u00e0 <em>Ch\u00e2tillon\u2011sur\u2011Seine<\/em> propose une offre de formations adapt\u00e9es aux \u00e9l\u00e8ves souhaitant s\u2019engager dans des carri\u00e8res tourn\u00e9es vers le social, l\u2019animation ou le sport. Cet \u00e9tablissement public, reconnu pour la qualit\u00e9 de son accompagnement et ses taux de r\u00e9ussite au baccalaur\u00e9at, offre notamment des <strong>baccalaur\u00e9ats professionnels<\/strong> complets et professionnalisants.<\/p>\n\n\n\n<p><\/p>\n\n\n\n<h3 class=\"wp-block-heading\">&#x1f393; Bac Pro Accompagnement, Soins et Services \u00e0 la Personne (ASSP)<\/h3>\n\n\n\n<p>La formation <strong>Bac Pro ASSP<\/strong> pr\u00e9pare les \u00e9l\u00e8ves \u00e0 travailler au contact des personnes dans diff\u00e9rents milieux (enfant, adulte, personne \u00e2g\u00e9e ou en situation de handicap). Elle couvre des comp\u00e9tences essentielles dans les domaines du <strong>soin, de l\u2019aide \u00e0 la personne, des services \u00e0 domicile ou en \u00e9tablissement<\/strong>, ainsi que des aspects li\u00e9s \u00e0 la nutrition, \u00e0 l\u2019hygi\u00e8ne et \u00e0 la communication professionnelle.<\/p>\n\n\n\n<p>Pendant ces <strong>3 ann\u00e9es de formation<\/strong> apr\u00e8s la 3\u1d49, les \u00e9l\u00e8ves alternent enseignements th\u00e9oriques, activit\u00e9s pratiques et p\u00e9riodes de stage en milieu professionnel, favorisant une insertion rapide sur le march\u00e9 du travail ou une poursuite d\u2019\u00e9tudes dans les secteurs sanitaire, social ou \u00e9ducatif.<\/p>\n\n\n\n<p><\/p>\n\n\n\n<h3 class=\"wp-block-heading\">&#x1f3a8; Bac Pro Animation \u2013 Enfance et Personnes \u00c2g\u00e9es<\/h3>\n\n\n\n<p>Le <strong>Bac Pro Animation \u2013 Enfance et Personnes \u00c2g\u00e9es<\/strong> forme des futurs <strong>animateurs socio\u2011\u00e9ducatifs et culturels<\/strong> capables de concevoir et mettre en \u0153uvre des projets d\u2019activit\u00e9s adapt\u00e9s \u00e0 diff\u00e9rents publics : enfants, adolescents ou seniors.<\/p>\n\n\n\n<p>Les \u00e9l\u00e8ves d\u00e9veloppent des comp\u00e9tences en communication, en gestion de projets, en animation d\u2019activit\u00e9s ludiques et sociales, ainsi qu\u2019en travail d\u2019\u00e9quipe. Cette formation professionnalisante pr\u00e9pare \u00e0 diff\u00e9rents m\u00e9tiers de l\u2019animation socioculturelle ou \u00e0 des poursuites d\u2019\u00e9tudes (formations sp\u00e9cialis\u00e9es, BTS, etc.).<\/p>\n\n\n\n<p><\/p>\n\n\n\n<p><\/p>\n\n\n\n<hr class=\"wp-block-separator has-alpha-channel-opacity\"\/>\n\n\n\n<h2 class=\"wp-block-heading\"><\/h2>\n\n\n\n<p>\u00c0 partir de <strong>la rentr\u00e9e 2022<\/strong>, les \u00e9l\u00e8ves pr\u00e9parant <strong>n\u2019importe lequel des bacs professionnels ASSP ou Animation<\/strong> au lyc\u00e9e peuvent s\u2019inscrire \u00e0 <strong>l\u2019Unit\u00e9 Facultative Secteur Sportif (UF2S)<\/strong>.<\/p>\n\n\n\n<p><\/p>\n\n\n\n<h3 class=\"wp-block-heading\">&#x1f3af; Qu\u2019est\u2011ce que l\u2019UF2S\u202f?<\/h3>\n\n\n\n<p>L\u2019<strong>UF2S (Unit\u00e9 professionnelle facultative Secteur Sportif)<\/strong> est une option propos\u00e9e aux \u00e9l\u00e8ves qui souhaitent <strong>donner une dimension sportive \u00e0 leur parcours<\/strong>. Cette unit\u00e9 s\u2019inscrit dans la continuit\u00e9 du baccalaur\u00e9at et s\u2019adresse \u00e0 celles et ceux qui ont une v\u00e9ritable app\u00e9tence pour <strong>le sport, l\u2019animation et le travail avec des publics vari\u00e9s<\/strong>.<\/p>\n\n\n\n<p><\/p>\n\n\n\n<h3 class=\"wp-block-heading\">&#x1f4cc; Objectifs et comp\u00e9tences<\/h3>\n\n\n\n<p>L\u2019option UF2S permet de :<\/p>\n\n\n\n<p>&#x2705; Approfondir des comp\u00e9tences dans le domaine du sport et de l\u2019animation ;<br>&#x2705; Acqu\u00e9rir une premi\u00e8re exp\u00e9rience professionnelle concr\u00e8te gr\u00e2ce \u00e0 des stages en milieu sportif (minimum plusieurs semaines selon les sp\u00e9cialit\u00e9s du bac) ;<br>&#x2705; Mener des projets d\u2019animation en lien avec des structures sportives, des associations ou des collectivit\u00e9s ;<br>&#x2705; <strong>Valider, sous certaines conditions, des unit\u00e9s capitalisables du BPJEPS (Brevet Professionnel de la Jeunesse, de l\u2019\u00c9ducation Populaire et du Sport)<\/strong>, ce qui facilite la poursuite d\u2019\u00e9tudes ou l\u2019acc\u00e8s \u00e0 des m\u00e9tiers du sport.<\/p>\n\n\n\n<p>L\u2019UF2S est structur\u00e9e autour de deux grands axes\u202f:<\/p>\n\n\n\n<ul class=\"wp-block-list\">\n<li><em>La prise en compte des sp\u00e9cificit\u00e9s des publics et des structures d\u2019exercice sportif<\/em> ;<\/li>\n\n\n\n<li><em>La conception, la conduite et l\u2019\u00e9valuation de projets d\u2019animation ou d\u2019activit\u00e9s physiques<\/em>.<\/li>\n<\/ul>\n\n\n\n<p><\/p>\n\n\n\n<h3 class=\"wp-block-heading\">&#x1f31f; Une valorisation du parcours<\/h3>\n\n\n\n<p>Pour les \u00e9l\u00e8ves int\u00e9ress\u00e9s par les m\u00e9tiers du sport, de l\u2019animation ou de l\u2019\u00e9ducation physique, cette option constitue un <strong>v\u00e9ritable plus<\/strong>\u202f: elle enrichit le parcours scolaire et ouvre des d\u00e9bouch\u00e9s vers des formations sp\u00e9cialis\u00e9es ou des m\u00e9tiers valorisants dans le secteur sportif et social.<\/p>\n","protected":false},"excerpt":{"rendered":"<p>Le Lyc\u00e9e polyvalent D\u00e9sir\u00e9 Nisard \u00e0 Ch\u00e2tillon\u2011sur\u2011Seine propose une offre de formations adapt\u00e9es aux \u00e9l\u00e8ves souhaitant s\u2019engager dans des carri\u00e8res tourn\u00e9es vers le social, l\u2019animation ou le sport. Cet \u00e9tablissement public, reconnu pour la qualit\u00e9 de son accompagnement et ses taux de r\u00e9ussite au baccalaur\u00e9at, offre notamment des baccalaur\u00e9ats professionnels complets et professionnalisants. &#x1f393; Bac &hellip; <a href=\"https:\/\/lycee-nisard.fr\/?page_id=4846\" class=\"more-link\">Continuer la lecture de <span class=\"screen-reader-text\">Bac Pro<\/span>  <span class=\"meta-nav\">&rarr;<\/span><\/a><\/p>\n","protected":false},"author":1,"featured_media":0,"parent":1429,"menu_order":0,"comment_status":"closed","ping_status":"closed","template":"","meta":{"saved_in_kubio":true,"footnotes":""},"class_list":["post-4846","page","type-page","status-publish","hentry"],"kubio_ai_page_context":{"short_desc":"","purpose":"general"},"_links":{"self":[{"href":"https:\/\/lycee-nisard.fr\/index.php?rest_route=\/wp\/v2\/pages\/4846","targetHints":{"allow":["GET"]}}],"collection":[{"href":"https:\/\/lycee-nisard.fr\/index.php?rest_route=\/wp\/v2\/pages"}],"about":[{"href":"https:\/\/lycee-nisard.fr\/index.php?rest_route=\/wp\/v2\/types\/page"}],"author":[{"embeddable":true,"href":"https:\/\/lycee-nisard.fr\/index.php?rest_route=\/wp\/v2\/users\/1"}],"replies":[{"embeddable":true,"href":"https:\/\/lycee-nisard.fr\/index.php?rest_route=%2Fwp%2Fv2%2Fcomments&post=4846"}],"version-history":[{"count":2,"href":"https:\/\/lycee-nisard.fr\/index.php?rest_route=\/wp\/v2\/pages\/4846\/revisions"}],"predecessor-version":[{"id":7133,"href":"https:\/\/lycee-nisard.fr\/index.php?rest_route=\/wp\/v2\/pages\/4846\/revisions\/7133"}],"up":[{"embeddable":true,"href":"https:\/\/lycee-nisard.fr\/index.php?rest_route=\/wp\/v2\/pages\/1429"}],"wp:attachment":[{"href":"https:\/\/lycee-nisard.fr\/index.php?rest_route=%2Fwp%2Fv2%2Fmedia&parent=4846"}],"curies":[{"name":"wp","href":"https:\/\/api.w.org\/{rel}","templated":true}]}}