{"id":1427,"date":"2014-02-20T17:29:44","date_gmt":"2014-02-20T16:29:44","guid":{"rendered":"http:\/\/lycee-nisard.fr\/?page_id=1427"},"modified":"2026-03-11T19:23:04","modified_gmt":"2026-03-11T18:23:04","slug":"voie-generale","status":"publish","type":"page","link":"https:\/\/lycee-nisard.fr\/?page_id=1427","title":{"rendered":"Voie g\u00e9n\u00e9rale"},"content":{"rendered":"\n<p>&#x1f393; La voie g\u00e9n\u00e9rale<\/p>\n\n\n\n<p>Le <strong>Lyc\u00e9e polyvalent D\u00e9sir\u00e9 Nisard<\/strong> propose une <strong>voie g\u00e9n\u00e9rale<\/strong> permettant aux \u00e9l\u00e8ves de construire progressivement leur parcours selon leurs centres d\u2019int\u00e9r\u00eat et leur projet d\u2019orientation vers l\u2019enseignement sup\u00e9rieur.<\/p>\n\n\n\n<p>Une <strong>pr\u00e9sentation compl\u00e8te de l\u2019enseignement g\u00e9n\u00e9ral<\/strong>, et plus particuli\u00e8rement de la <strong>classe de Seconde<\/strong>, est disponible dans le <strong>document t\u00e9l\u00e9chargeable ci-dessous<\/strong>.<\/p>\n\n\n\n<p><img decoding=\"async\" draggable=\"false\" role=\"img\" class=\"emoji\" src=\"https:\/\/s.w.org\/images\/core\/emoji\/17.0.2\/svg\/1f4c4.svg\" alt=\"&#x1f4c4;\"> <strong>Pr\u00e9sentation de l\u2019enseignement g\u00e9n\u00e9ral<\/strong><br>T\u00e9l\u00e9charger le document<\/p>\n\n\n\n<div class=\"wp-block-file\"><a id=\"wp-block-file--media-f95ea470-9b56-4c01-ba55-1e918089c672\" href=\"http:\/\/lycee-nisard.fr\/wp-content\/uploads\/2026\/03\/2025-Plaquette-Enseignement-General-2.pdf\">2025-Plaquette-Enseignement-General-2<\/a><a href=\"http:\/\/lycee-nisard.fr\/wp-content\/uploads\/2026\/03\/2025-Plaquette-Enseignement-General-2.pdf\" class=\"wp-block-file__button wp-element-button\" download aria-describedby=\"wp-block-file--media-f95ea470-9b56-4c01-ba55-1e918089c672\">T\u00e9l\u00e9charger<\/a><\/div>\n\n\n\n<p><\/p>\n\n\n\n<hr class=\"wp-block-separator has-alpha-channel-opacity\"\/>\n\n\n\n<h2 class=\"wp-block-heading\">&#x1f4da; La classe de Premi\u00e8re<\/h2>\n\n\n\n<p>En classe de <strong>Premi\u00e8re<\/strong>, les \u00e9l\u00e8ves choisissent <strong>trois enseignements de sp\u00e9cialit\u00e9<\/strong> parmi les disciplines propos\u00e9es par le lyc\u00e9e :<\/p>\n\n\n\n<ul class=\"wp-block-list\">\n<li><strong>Histoire-G\u00e9ographie, G\u00e9opolitique et Sciences Politiques (HGGSP)<\/strong><\/li>\n\n\n\n<li><strong>Humanit\u00e9s, Litt\u00e9rature et Philosophie (HLP)<\/strong><\/li>\n\n\n\n<li><strong>Langues, Litt\u00e9ratures et Cultures \u00c9trang\u00e8res \u2013 Anglais (LLCE)<\/strong><\/li>\n\n\n\n<li><strong>Math\u00e9matiques<\/strong><\/li>\n\n\n\n<li><strong>Sciences \u00c9conomiques et Sociales (SES)<\/strong><\/li>\n\n\n\n<li><strong>Physique-Chimie (PC)<\/strong><\/li>\n\n\n\n<li><strong>Sciences de l\u2019Ing\u00e9nieur (SI)<\/strong><\/li>\n\n\n\n<li><strong>Sciences de la Vie et de la Terre (SVT)<\/strong><\/li>\n<\/ul>\n\n\n\n<p>Les \u00e9l\u00e8ves peuvent \u00e9galement poursuivre les <strong>enseignements optionnels g\u00e9n\u00e9raux<\/strong>, identiques \u00e0 ceux propos\u00e9s en classe de Seconde.<\/p>\n\n\n\n<p><\/p>\n\n\n\n<hr class=\"wp-block-separator has-alpha-channel-opacity\"\/>\n\n\n\n<h2 class=\"wp-block-heading\">&#x1f393; La classe de Terminale<\/h2>\n\n\n\n<p>En <strong>Terminale<\/strong>, les \u00e9l\u00e8ves poursuivent <strong>deux enseignements de sp\u00e9cialit\u00e9<\/strong> parmi ceux choisis en Premi\u00e8re.<\/p>\n\n\n\n<p>Les <strong>enseignements optionnels g\u00e9n\u00e9raux<\/strong> restent identiques \u00e0 ceux propos\u00e9s en Premi\u00e8re. Les \u00e9l\u00e8ves peuvent \u00e9galement choisir des options suppl\u00e9mentaires :<\/p>\n\n\n\n<ul class=\"wp-block-list\">\n<li><strong>Math\u00e9matiques compl\u00e9mentaires<\/strong><\/li>\n\n\n\n<li><strong>Math\u00e9matiques expertes<\/strong><\/li>\n\n\n\n<li><strong>Droit et grands enjeux du monde contemporain<\/strong><\/li>\n<\/ul>\n\n\n\n<p>Ces enseignements permettent aux \u00e9l\u00e8ves <strong>d\u2019approfondir leurs connaissances et de pr\u00e9parer leur orientation vers l\u2019enseignement sup\u00e9rieur<\/strong>.<\/p>\n","protected":false},"excerpt":{"rendered":"<p>&#x1f393; La voie g\u00e9n\u00e9rale Le Lyc\u00e9e polyvalent D\u00e9sir\u00e9 Nisard propose une voie g\u00e9n\u00e9rale permettant aux \u00e9l\u00e8ves de construire progressivement leur parcours selon leurs centres d\u2019int\u00e9r\u00eat et leur projet d\u2019orientation vers l\u2019enseignement sup\u00e9rieur. Une pr\u00e9sentation compl\u00e8te de l\u2019enseignement g\u00e9n\u00e9ral, et plus particuli\u00e8rement de la classe de Seconde, est disponible dans le document t\u00e9l\u00e9chargeable ci-dessous. Pr\u00e9sentation de &hellip; <a href=\"https:\/\/lycee-nisard.fr\/?page_id=1427\" class=\"more-link\">Continuer la lecture de <span class=\"screen-reader-text\">Voie g\u00e9n\u00e9rale<\/span>  <span class=\"meta-nav\">&rarr;<\/span><\/a><\/p>\n","protected":false},"author":1,"featured_media":0,"parent":7,"menu_order":1,"comment_status":"open","ping_status":"open","template":"","meta":{"saved_in_kubio":true,"footnotes":""},"class_list":["post-1427","page","type-page","status-publish","hentry"],"kubio_ai_page_context":{"short_desc":"","purpose":"general"},"_links":{"self":[{"href":"https:\/\/lycee-nisard.fr\/index.php?rest_route=\/wp\/v2\/pages\/1427","targetHints":{"allow":["GET"]}}],"collection":[{"href":"https:\/\/lycee-nisard.fr\/index.php?rest_route=\/wp\/v2\/pages"}],"about":[{"href":"https:\/\/lycee-nisard.fr\/index.php?rest_route=\/wp\/v2\/types\/page"}],"author":[{"embeddable":true,"href":"https:\/\/lycee-nisard.fr\/index.php?rest_route=\/wp\/v2\/users\/1"}],"replies":[{"embeddable":true,"href":"https:\/\/lycee-nisard.fr\/index.php?rest_route=%2Fwp%2Fv2%2Fcomments&post=1427"}],"version-history":[{"count":8,"href":"https:\/\/lycee-nisard.fr\/index.php?rest_route=\/wp\/v2\/pages\/1427\/revisions"}],"predecessor-version":[{"id":7051,"href":"https:\/\/lycee-nisard.fr\/index.php?rest_route=\/wp\/v2\/pages\/1427\/revisions\/7051"}],"up":[{"embeddable":true,"href":"https:\/\/lycee-nisard.fr\/index.php?rest_route=\/wp\/v2\/pages\/7"}],"wp:attachment":[{"href":"https:\/\/lycee-nisard.fr\/index.php?rest_route=%2Fwp%2Fv2%2Fmedia&parent=1427"}],"curies":[{"name":"wp","href":"https:\/\/api.w.org\/{rel}","templated":true}]}}